{"id":9,"date":"2019-01-13T15:40:27","date_gmt":"2019-01-13T14:40:27","guid":{"rendered":"http:\/\/johannvigon.fr\/?page_id=9"},"modified":"2025-03-31T15:37:01","modified_gmt":"2025-03-31T13:37:01","slug":"biographie","status":"publish","type":"page","link":"https:\/\/johannvigon.fr\/index.php\/biographie\/","title":{"rendered":"Biographie"},"content":{"rendered":"\n<p>N\u00e9 \u00e0 Evreux le 28 f\u00e9vrier 1972, il d\u00e9bute en 1989 a l&#8217;\u00e2ge de 17 ans, mais d\u00e8s lors, la musique ne le quittera plus un instant, <strong>Musicien professionnel<\/strong>\u00a0depuis 1995, batteur, puis percussionniste. Il se formera aupr\u00e8s des plus grands musiciens dans chaque discipline, en\u00a0<strong>percussions africaines<\/strong> avec Fadouba Oular\u00e9, Mamady Keita, Famoudou Konat\u00e9, Jalil Toukja &#8230; en <strong>Percussions orientales <\/strong>avec Hassan Abdel Khalek et en\u00a0<strong>percussions afro-cubaine<\/strong> avec Orlando Poleo et Guido Brogl\u00e9. Tr\u00e8s vite, il aura l\u2019occasion de participer \u00e0 de nombreuses formations, \u00a0<strong>jazz<\/strong>, <strong>chansons fran\u00e7aises<\/strong>, rock, salsa\u00a0ou de\u00a0<strong>musiques du monde<\/strong>, il aura l\u2019occasion de jouer avec des Artistes comme: Mimi Lorenzini, Nicolas Pautras, Fabien Packo, Mohammed Halata, Teddy Moire, Eric Varache, Fr\u00e9d\u00e9ric Albert, Fr\u00e9d\u00e9ric Calmeil, Manu Codja, Nicolas Moreaux, Jean-yves Chires, Ren\u00e9 Sopa, Arnaud Soidet, Mustapha Messaoud Bouneb, Seckou Keita, Baba Tour\u00e9, Emmanuelle Desimpel, Mickael Correa, Damien hennicker, David Michelin, Baba Cissoko, Layba Kourouma, \u2026<\/p>\n\n\n\n<h2 class=\"wp-block-heading\">Parcours<\/h2>\n\n\n\n<p>2025, JALA MANO Mohammed Halata aux chants, guitare ,lutte, mandole&#8230; Fabien Packo accord\u00e9on et bandon\u00e9on, Teddy Moire \u00e0 la basse,  nouveau projet avec Eric Varache \u00e0 la batterie et Raphael Fauquier aux saxophone soprano et t\u00e9nor&#8230;<\/p>\n\n\n\n<p>2025, Cumbila avec Laurent Dorel au chant, guitare et tresse, Ludovic Lambert \u00e0 la trompette et aux ch\u0153urs, Sylvain Leturque \u00e0 la contrebasse, Richard Gouerre aux ch\u0153urs et percussions, nouveau projet avec Fr\u00e9d\u00e9ric Calmeil au piano&#8230;<\/p>\n\n\n\n<p>2025, Trio GO BROTHER Rockabilly Blues rock avec Gilles Benoist aux chants, guitare. Olivier Loras \u00e0 la basse et aux ch\u0153urs.<\/p>\n\n\n\n<p>2025, Trio MATSUKO chanson du monde avec Matthieu Jardin aux compositions, chant, guitare. Emmanuelle Desimpel \u00e0 la basse et aux ch\u0153urs.<\/p>\n\n\n\n<p>2024, Duo JALA MANO Musique Orientale avec Mohammed Halata aux chants, Luth, Mandole, Guitare.<\/p>\n\n\n\n<p> 2023, WANTED Trio Blues Rock avec Daniel Alavoine aux chants et aux guitares, Emmanuelle Desimpel \u00e0 la Basse.<\/p>\n\n\n\n<p>2022, &#8220;Duo stud&#8217;yo&#8221; chanson fran\u00e7aise avec Emmanuelle Desimpel aux compositions, chant,  guitare.<\/p>\n\n\n\n<p>Pour ce Duo, Johann chante et joue sur une batterie Gretch de 1966, l&#8217;\u00e2ge d&#8217;or de la marque!<\/p>\n\n\n\n<p>2022, premi\u00e8re partie du trio Andr\u00e9 C\u00e9ccarelli au Festival Jazz \u00e0 Chaumont.<\/p>\n\n\n\n<p>2021, &#8220;Trio Ren\u00e9 Sopa&#8221; Jazz musique du monde avec Ren\u00e9 Sopa \u00e0 l&#8217;accord\u00e9on, Sylvain Hamel \u00e0 la clarinette.<\/p>\n\n\n\n<p>Octobre 2020 \u00e0 juin 2022, Ateliers Jazz avec Diego Imbert et cours de batterie avec Eric Varache au conservatoire de Troyes.<\/p>\n\n\n\n<p>2019 \u00e0 nos jours, &#8220;Cumbila&#8221; musique cubaine avec Laurent Dorel au chant, guitare et tresse, Ludovic Lambert \u00e0 la trompette et aux ch\u0153urs, Sylvain Leturque \u00e0 la contrebasse, Richard Gouerre aux ch\u0153urs et percussions.<\/p>\n\n\n\n<p>2014 \u00e0 2019, en 2014 Johann monte son projet de musique latine&nbsp;&#8220;<strong>Son\u2019risa<\/strong>&#8221;&nbsp;(salsa) avec des musiciens Troyens. <\/p>\n\n\n\n<p>En 2013 et 2014,  Trio <strong>Mimi Lorenzini<\/strong>&nbsp;avec Teddy Moire \u00e0 la basse.<\/p>\n\n\n\n<p>En 2018, il joue dans le groupe \u00ab&nbsp;<strong>Sopa Orchestra<\/strong>&nbsp;\u00bb Tribute Santana avec l&#8217;accord\u00e9oniste Ren\u00e9 Sopa.<\/p>\n\n\n\n<p>2014 \u00e0 2019 cours percussions afro cubaine et de nombreux stages avec Guy &#8220;Guido&#8221; Brogl\u00e9.<\/p>\n\n\n\n<p>2014 \u00e0 2020, direction de la batucada &#8221; Bat and go&#8221;. <\/p>\n\n\n\n<p>2013, cours percussions afro cubaine avec Orlando Pol\u00e9o.<\/p>\n\n\n\n<p>2013, Direction de la batucada d\u00e9partementale &#8220;la grande fiesta&#8221;, projet europ\u00e9en de la f\u00e9d\u00e9ration des Mjc de l&#8217;aube.<\/p>\n\n\n\n<p>2012, &#8220;Perfola&#8221; Percussions du monde avec Arnaud Roussy aux chants et percussions, Eric Thomas aux Percussions.<\/p>\n\n\n\n<p>2012, Direction de la Batucada de l&#8217;\u00e9cole de Lusigny sur Barse.<\/p>\n\n\n\n<p>2011, &#8220;Abrazam&#8221; chanson fran\u00e7aise avec Laurent Dorel, composition, chant, guitare, Philippe Durant au vibraphone, Raphael Fauquier au Saxophone, Teddy Moire \u00e0 la contrebasse. <\/p>\n\n\n\n<p>2010, &#8220;Mory Dialy Percussions&#8221; musiques africaines avec Khodou cissocko aux chants et danses, S\u00e9kou Keita \u00e0 la kora, chants et au djemb\u00e9, Baba Tour\u00e9 au djemb\u00e9 et chants, Jalil Toukja au djemb\u00e9 et au azouz et Layba Kourouma au djemb\u00e9, chants et \u00e0 la danse.<\/p>\n\n\n\n<p>2010, Stud en premi\u00e8re partie de Carmen Maria Vegas au Festival de l&#8217;aglo des nuits \u00e0 la Chapelle Saint Luc.<\/p>\n\n\n\n<p>2009, Clip music vid\u00e9o, Keetch &#8220;la fille du super march\u00e9&#8221; par Lewis Martin &#8220;monumental studio&#8221;.<\/p>\n\n\n\n<p>2009, &#8220;Keetch&#8221; chanson fran\u00e7aise avec Patrick Picquenard au chant, Richard Cremoux et Olivier Montali \u00e0 la guitare, Marc Vandercruyssen \u00e0 la basse, Olivier Henriet et Patrick Muller aux percussions, Emmanuelle Desimpel au saxophone soprano.<\/p>\n\n\n\n<p>2009, Mustapha Mb au Festival international dimajazz \u00e0 Constantine (Alg\u00e9rie).<\/p>\n\n\n\n<p>2009, Stud en premi\u00e8re partie de Joel Favreau (guitariste de Georges Brassens) Festival des Rabardels \u00e0 Romilly sur seine.<\/p>\n\n\n\n<p>2008 \u00e0 2019, &#8220;SODIA&#8221; musique africaine avec Layba Kourouma.<\/p>\n\n\n\n<p>2008, &#8220;Stud&#8221; chanson fran\u00e7aise avec Emmanuelle Desimpel \u00e0 la guitare et aux chants, Teddy Moire \u00e0 la contrebasse.<\/p>\n\n\n\n<p>2008, &#8220;Mustapha Mb&#8221; oriental groove avec Mustapha Messaoud Bouneb aux chants, Mandole, Oud, Arnaud Soidet \u00e0 la guitare, Micka\u00ebl Correia \u00e0 la batterie, Nicolas Pautras \u00e0 la basse.<\/p>\n\n\n\n<p>2008 \u00e0 2010, Batucada &#8220;Samba d&#8217;ici&#8221; \u00e0 Nogent sur seine dirig\u00e9 par Philippe Rivi\u00e8re.<\/p>\n\n\n\n<p>2007, Ahlem en premi\u00e8re partie de Rachid Taha au th\u00e9\u00e2tre de la madeleine \u00e0 Troyes. <\/p>\n\n\n\n<p>2004, &#8220;Ahlem&#8221; les r\u00eaves Musique Arabo-Andalouse avec Mustapha Messaoud Bouneb aux chants, Guitare, Mandole, Oud, Nicolas Pautras \u00e0 la contrebasse et ch\u0153urs, Emmanuelle Desimpel au saxophone soprano, guitare et chants.<\/p>\n\n\n\n<p>2003 \u00e0 2005, spectacle son et lumi\u00e8re &#8220;VINDOVERA&#8221; \u00e0 Vendeuvre sur Barse, direction de la section percussion du spectacle &#8220;Histoire des vignes champenoise&#8221;.<\/p>\n\n\n\n<p>2000 \u00e0 2007,  Johann monte son projet de musique africaine &#8220;Y\u00e9oua Percussions&#8221; concert pyrotechnique \u00e0 Clamecy le 14 juillet 2003.<\/p>\n\n\n\n<p>1998, Trio Jazz avec Nicolas Moreaux \u00e0 la guitare et Nicolas Pautras \u00e0 la contrebasse, Johann jouera jusqu&#8217;en 2000 avec Nicolas Moreaux qui jouera du saxophone t\u00e9nor, puis de la contrebasse depuis.<\/p>\n\n\n\n<p>1998 \u00e0 nos jours, Jala Mano avec le chanteur, compositeur et guitariste Mohammed Halata, de nombreux musicien(ne)s de la r\u00e9gions Troyenne on participer au groupe Jalamano depuis pr\u00e8s de 30 ans: Nicolas Pautras \u00e0 la contrebasse, Emmanuelle Desimpel, Jean-yves Chir, Fr\u00e9d\u00e9ric Albert, Pascal Michaud, Raul Gularte, Alexandre Michel, Nicolas Moreaux, Fabien Packo, Damien Hennicker, Teddy Moire, etc&#8230; 3 ALBUMS Jala Mano et de nombreux concerts dans toute la france et m\u00eame un d\u00e9tour par la Suisse!<\/p>\n\n\n\n<p>1997, th\u00e9\u00e2tre cabaret Jazz autour de Boris Vian (mise en sc\u00e8ne Marie Fahouder) avec Philippe Cuisinier \u00e0 la guitare, Damien Mension \u00e0 la trompette, Emmanuelle Desimpel au saxophone, Nicolas Pautras \u00e0 la basse.<\/p>\n\n\n\n<p>1997,  le groupe &#8220;New day &#8221; Blues et Soul avec Hugues de France au chant et clavier, Rodolphe Ponthus \u00e0 la Guitare, Teddy Moire \u00e0 la basse et Emmanuelle Desimpel au saxophone Alto.<\/p>\n\n\n\n<p>1995, Trio Jazz avec Alain Picard \u00e0 la guitare, Nicolas Pautras \u00e0 la Contrebasse.<\/p>\n\n\n\n<p>1996,  &#8220;stolen moments&#8221; blues avec Laurent Mouflier \u00e0 l&#8217;harmonica, S\u00e9bastien Gergaud \u00e0 la basse, st\u00e9phane Muller \u00e0 la guitare.<\/p>\n\n\n\n<p>1995, Trio Pulsations (Jazz) Alexandre Jurain au piano, Nicolas Pautras a la Contrebasse.<\/p>\n\n\n\n<p>De 1992 a 1996, il joue dans le groupe &#8220;Karma&#8221; Tribute Pharoah Sanders, John Coltrane en trio au d\u00e9but avec  Sylvain Jussan au piano, Nicolas Pautras a la Contrebasse puis \u00e0 partir de 1993 avec Emmanuelle Desimpel au saxophone Alto.<\/p>\n\n\n\n<p>1994 Stage avec le trio Christian VANDER \u00e0 Epernay.<\/p>\n\n\n\n<p>En 1992 et 1994 Ateliers Jazz et big band avec Fran\u00e7ois Choiselat \u00e0 l&#8217;aurore \u00e0 Saint Andr\u00e9s les vergers \u00e0 c\u00f4t\u00e9 de Troyes (aube 10).<\/p>\n\n\n\n<p>Il a par ailleurs jou\u00e9 dans de nombreux autres groupes faisant de lui un musicien accompli. Il se produit r\u00e9guli\u00e8rement dans des univers musicaux tr\u00e8s diff\u00e9rents, il chante \u00e9galement et joue de nombreuses instruments telles que la <strong>batterie<\/strong>,&nbsp;<strong>Congas, Timbales, Darbouka, Djembe, Dum dum, Cajon<\/strong>&nbsp;et de nombreux accessoires, ainsi que les&nbsp;<strong>percussions br\u00e9siliennes<\/strong>.&nbsp; <\/p>\n\n\n\n<p>Johann participe \u00e0 de&nbsp;<strong>nombreux ateliers ou projets d\u2019\u00e9veil et d\u2019\u00e9ducation \u00e0 la musique.<\/strong>&nbsp;Il organise \u00e9galement des&nbsp;<strong>\u00e9v\u00e8nements<\/strong>&nbsp;et des&nbsp;<strong>stages<\/strong>&nbsp;avec des <strong>Artistes reconnus<\/strong>\u2026<\/p>\n\n\n\n<p>Retrouvez prochainement Johann VIGON sur son site En attendant, vous pouvez le retrouver sur les r\u00e9seaux sociaux<\/p>\n\n\n\n<h2 class=\"wp-block-heading\">Retrouvez Johann sur la toile !<\/h2>\n\n\n\n<p><strong>Johann sur les r\u00e9eaux sociaux :<\/strong><\/p>\n\n\n\n<p class=\"has-text-align-center\"><a href=\"http:\/\/www.facebook.com\/johann.vigon\" target=\"_blank\" rel=\"noreferrer noopener\">Johann VIGON \u2013 Page Facebook<\/a><\/p>\n\n\n\n<p><strong>Retrouvez mes diff\u00e9rents groupes et associations partenaires<\/strong><\/p>\n\n\n\n<p><strong>Jala Mano<\/strong><\/p>\n\n\n\n<p class=\"has-text-align-center\"><a rel=\"noreferrer noopener\" href=\"http:\/\/www.facebook.com\/JALA-MANO-183101864512\/\" target=\"_blank\">Jala Mano \u2013 Page Facebook<\/a><\/p>\n","protected":false},"excerpt":{"rendered":"<p>N\u00e9 \u00e0 Evreux le 28 f\u00e9vrier 1972, il d\u00e9bute en 1989 a l&#8217;\u00e2ge de 17 ans, mais d\u00e8s lors, la musique ne le quittera plus un instant, Musicien professionnel\u00a0depuis 1995,<\/p>\n<p class=\"more-link\"><a href=\"https:\/\/johannvigon.fr\/index.php\/biographie\/\" class=\"readmore\">Continuer la lecture<span class=\"screen-reader-text\">Biographie<\/span><\/a><\/p>\n","protected":false},"author":1,"featured_media":0,"parent":0,"menu_order":0,"comment_status":"closed","ping_status":"closed","template":"","meta":{"footnotes":""},"class_list":["post-9","page","type-page","status-publish","hentry"],"yoast_head":"<!-- This site is optimized with the Yoast SEO plugin v23.8 - https:\/\/yoast.com\/wordpress\/plugins\/seo\/ -->\n<title>Biographie &#8902; Le site officiel de Johann VIGON<\/title>\n<meta name=\"description\" content=\"percussions percussioniste salsa batucada djembe afro-cubain johann vigon batteur jazz traditionnelles sonrisa jala mano congas timbales sonrisa mimi lorenzini emmanuelle desimpel nicolas pautras\" \/>\n<meta name=\"robots\" content=\"index, follow, max-snippet:-1, max-image-preview:large, max-video-preview:-1\" \/>\n<link rel=\"canonical\" href=\"https:\/\/johannvigon.fr\/index.php\/biographie\/\" \/>\n<meta property=\"og:locale\" content=\"fr_FR\" \/>\n<meta property=\"og:type\" content=\"article\" \/>\n<meta property=\"og:title\" content=\"Biographie &#8902; Le site officiel de Johann VIGON\" \/>\n<meta property=\"og:description\" content=\"percussions percussioniste salsa batucada djembe afro-cubain johann vigon batteur jazz traditionnelles sonrisa jala mano congas timbales sonrisa mimi lorenzini emmanuelle desimpel nicolas pautras\" \/>\n<meta property=\"og:url\" content=\"https:\/\/johannvigon.fr\/index.php\/biographie\/\" \/>\n<meta property=\"og:site_name\" content=\"Le site officiel de Johann VIGON\" \/>\n<meta property=\"article:modified_time\" content=\"2025-03-31T13:37:01+00:00\" \/>\n<meta name=\"twitter:card\" content=\"summary_large_image\" \/>\n<meta name=\"twitter:label1\" content=\"Dur\u00e9e de lecture estim\u00e9e\" \/>\n\t<meta name=\"twitter:data1\" content=\"7 minutes\" \/>\n<script type=\"application\/ld+json\" class=\"yoast-schema-graph\">{\"@context\":\"https:\/\/schema.org\",\"@graph\":[{\"@type\":\"WebPage\",\"@id\":\"https:\/\/johannvigon.fr\/index.php\/biographie\/\",\"url\":\"https:\/\/johannvigon.fr\/index.php\/biographie\/\",\"name\":\"Biographie &#8902; Le site officiel de Johann VIGON\",\"isPartOf\":{\"@id\":\"https:\/\/johannvigon.fr\/#website\"},\"datePublished\":\"2019-01-13T14:40:27+00:00\",\"dateModified\":\"2025-03-31T13:37:01+00:00\",\"description\":\"percussions percussioniste salsa batucada djembe afro-cubain johann vigon batteur jazz traditionnelles sonrisa jala mano congas timbales sonrisa mimi lorenzini emmanuelle desimpel nicolas pautras\",\"breadcrumb\":{\"@id\":\"https:\/\/johannvigon.fr\/index.php\/biographie\/#breadcrumb\"},\"inLanguage\":\"fr-FR\",\"potentialAction\":[{\"@type\":\"ReadAction\",\"target\":[\"https:\/\/johannvigon.fr\/index.php\/biographie\/\"]}]},{\"@type\":\"BreadcrumbList\",\"@id\":\"https:\/\/johannvigon.fr\/index.php\/biographie\/#breadcrumb\",\"itemListElement\":[{\"@type\":\"ListItem\",\"position\":1,\"name\":\"Accueil\",\"item\":\"https:\/\/johannvigon.fr\/\"},{\"@type\":\"ListItem\",\"position\":2,\"name\":\"Biographie\"}]},{\"@type\":\"WebSite\",\"@id\":\"https:\/\/johannvigon.fr\/#website\",\"url\":\"https:\/\/johannvigon.fr\/\",\"name\":\"Le site officiel de Johann VIGON\",\"description\":\"Batteur, percusionniste\",\"publisher\":{\"@id\":\"https:\/\/johannvigon.fr\/#\/schema\/person\/b6b1063b84403671525aedbd338997f9\"},\"potentialAction\":[{\"@type\":\"SearchAction\",\"target\":{\"@type\":\"EntryPoint\",\"urlTemplate\":\"https:\/\/johannvigon.fr\/?s={search_term_string}\"},\"query-input\":{\"@type\":\"PropertyValueSpecification\",\"valueRequired\":true,\"valueName\":\"search_term_string\"}}],\"inLanguage\":\"fr-FR\"},{\"@type\":[\"Person\",\"Organization\"],\"@id\":\"https:\/\/johannvigon.fr\/#\/schema\/person\/b6b1063b84403671525aedbd338997f9\",\"name\":\"admin\",\"image\":{\"@type\":\"ImageObject\",\"inLanguage\":\"fr-FR\",\"@id\":\"https:\/\/johannvigon.fr\/#\/schema\/person\/image\/\",\"url\":\"https:\/\/secure.gravatar.com\/avatar\/aa81ede2ec38d1beced95d9a3a71cf16?s=96&d=mm&r=g\",\"contentUrl\":\"https:\/\/secure.gravatar.com\/avatar\/aa81ede2ec38d1beced95d9a3a71cf16?s=96&d=mm&r=g\",\"caption\":\"admin\"},\"logo\":{\"@id\":\"https:\/\/johannvigon.fr\/#\/schema\/person\/image\/\"}}]}<\/script>\n<!-- \/ Yoast SEO plugin. -->","yoast_head_json":{"title":"Biographie &#8902; Le site officiel de Johann VIGON","description":"percussions percussioniste salsa batucada djembe afro-cubain johann vigon batteur jazz traditionnelles sonrisa jala mano congas timbales sonrisa mimi lorenzini emmanuelle desimpel nicolas pautras","robots":{"index":"index","follow":"follow","max-snippet":"max-snippet:-1","max-image-preview":"max-image-preview:large","max-video-preview":"max-video-preview:-1"},"canonical":"https:\/\/johannvigon.fr\/index.php\/biographie\/","og_locale":"fr_FR","og_type":"article","og_title":"Biographie &#8902; Le site officiel de Johann VIGON","og_description":"percussions percussioniste salsa batucada djembe afro-cubain johann vigon batteur jazz traditionnelles sonrisa jala mano congas timbales sonrisa mimi lorenzini emmanuelle desimpel nicolas pautras","og_url":"https:\/\/johannvigon.fr\/index.php\/biographie\/","og_site_name":"Le site officiel de Johann VIGON","article_modified_time":"2025-03-31T13:37:01+00:00","twitter_card":"summary_large_image","twitter_misc":{"Dur\u00e9e de lecture estim\u00e9e":"7 minutes"},"schema":{"@context":"https:\/\/schema.org","@graph":[{"@type":"WebPage","@id":"https:\/\/johannvigon.fr\/index.php\/biographie\/","url":"https:\/\/johannvigon.fr\/index.php\/biographie\/","name":"Biographie &#8902; Le site officiel de Johann VIGON","isPartOf":{"@id":"https:\/\/johannvigon.fr\/#website"},"datePublished":"2019-01-13T14:40:27+00:00","dateModified":"2025-03-31T13:37:01+00:00","description":"percussions percussioniste salsa batucada djembe afro-cubain johann vigon batteur jazz traditionnelles sonrisa jala mano congas timbales sonrisa mimi lorenzini emmanuelle desimpel nicolas pautras","breadcrumb":{"@id":"https:\/\/johannvigon.fr\/index.php\/biographie\/#breadcrumb"},"inLanguage":"fr-FR","potentialAction":[{"@type":"ReadAction","target":["https:\/\/johannvigon.fr\/index.php\/biographie\/"]}]},{"@type":"BreadcrumbList","@id":"https:\/\/johannvigon.fr\/index.php\/biographie\/#breadcrumb","itemListElement":[{"@type":"ListItem","position":1,"name":"Accueil","item":"https:\/\/johannvigon.fr\/"},{"@type":"ListItem","position":2,"name":"Biographie"}]},{"@type":"WebSite","@id":"https:\/\/johannvigon.fr\/#website","url":"https:\/\/johannvigon.fr\/","name":"Le site officiel de Johann VIGON","description":"Batteur, percusionniste","publisher":{"@id":"https:\/\/johannvigon.fr\/#\/schema\/person\/b6b1063b84403671525aedbd338997f9"},"potentialAction":[{"@type":"SearchAction","target":{"@type":"EntryPoint","urlTemplate":"https:\/\/johannvigon.fr\/?s={search_term_string}"},"query-input":{"@type":"PropertyValueSpecification","valueRequired":true,"valueName":"search_term_string"}}],"inLanguage":"fr-FR"},{"@type":["Person","Organization"],"@id":"https:\/\/johannvigon.fr\/#\/schema\/person\/b6b1063b84403671525aedbd338997f9","name":"admin","image":{"@type":"ImageObject","inLanguage":"fr-FR","@id":"https:\/\/johannvigon.fr\/#\/schema\/person\/image\/","url":"https:\/\/secure.gravatar.com\/avatar\/aa81ede2ec38d1beced95d9a3a71cf16?s=96&d=mm&r=g","contentUrl":"https:\/\/secure.gravatar.com\/avatar\/aa81ede2ec38d1beced95d9a3a71cf16?s=96&d=mm&r=g","caption":"admin"},"logo":{"@id":"https:\/\/johannvigon.fr\/#\/schema\/person\/image\/"}}]}},"_links":{"self":[{"href":"https:\/\/johannvigon.fr\/index.php\/wp-json\/wp\/v2\/pages\/9"}],"collection":[{"href":"https:\/\/johannvigon.fr\/index.php\/wp-json\/wp\/v2\/pages"}],"about":[{"href":"https:\/\/johannvigon.fr\/index.php\/wp-json\/wp\/v2\/types\/page"}],"author":[{"embeddable":true,"href":"https:\/\/johannvigon.fr\/index.php\/wp-json\/wp\/v2\/users\/1"}],"replies":[{"embeddable":true,"href":"https:\/\/johannvigon.fr\/index.php\/wp-json\/wp\/v2\/comments?post=9"}],"version-history":[{"count":15,"href":"https:\/\/johannvigon.fr\/index.php\/wp-json\/wp\/v2\/pages\/9\/revisions"}],"predecessor-version":[{"id":447,"href":"https:\/\/johannvigon.fr\/index.php\/wp-json\/wp\/v2\/pages\/9\/revisions\/447"}],"wp:attachment":[{"href":"https:\/\/johannvigon.fr\/index.php\/wp-json\/wp\/v2\/media?parent=9"}],"curies":[{"name":"wp","href":"https:\/\/api.w.org\/{rel}","templated":true}]}}